{"id":740,"date":"2025-07-27T08:41:20","date_gmt":"2025-07-27T06:41:20","guid":{"rendered":"https:\/\/ascamil.org\/quienes-somos\/"},"modified":"2025-09-30T10:56:17","modified_gmt":"2025-09-30T08:56:17","slug":"quienes-somos","status":"publish","type":"page","link":"https:\/\/ascamil.org\/es\/quienes-somos\/","title":{"rendered":"Qui\u00e9nes somos"},"content":{"rendered":"<p>[et_pb_section fb_built=\u00bb1&#8243; _builder_version=\u00bb4.27.4&#8243; _module_preset=\u00bbdefault\u00bb background_enable_color=\u00bboff\u00bb background_image=\u00bbhttps:\/\/ascamil.org\/wp-content\/uploads\/2025\/07\/fundacio-ascamil-qui-som-Mesa-de-trabajo-2-100.jpg\u00bb background_blend=\u00bbmultiply\u00bb custom_padding=\u00bb||55px|||\u00bb global_colors_info=\u00bb{}\u00bb][et_pb_row column_structure=\u00bb1_5,3_5,1_5&#8243; _builder_version=\u00bb4.27.4&#8243; _module_preset=\u00bbdefault\u00bb global_colors_info=\u00bb{}\u00bb][et_pb_column type=\u00bb1_5&#8243; _builder_version=\u00bb4.27.4&#8243; _module_preset=\u00bbdefault\u00bb global_colors_info=\u00bb{}\u00bb][\/et_pb_column][et_pb_column type=\u00bb3_5&#8243; _builder_version=\u00bb4.27.4&#8243; _module_preset=\u00bbdefault\u00bb global_colors_info=\u00bb{}\u00bb][et_pb_text _builder_version=\u00bb4.27.4&#8243; _module_preset=\u00bbdefault\u00bb header_text_align=\u00bbcenter\u00bb header_text_color=\u00bb#FFFFFF\u00bb header_font_size=\u00bb40px\u00bb header_font_size_tablet=\u00bb40px\u00bb header_font_size_phone=\u00bb30px\u00bb header_font_size_last_edited=\u00bbon|phone\u00bb global_colors_info=\u00bb{}\u00bb]<\/p>\n<h1><strong><span style=\"color: #ffffff;\"><img loading=\"lazy\" decoding=\"async\" src=\"https:\/\/ascamil.org\/wp-content\/uploads\/2025\/07\/fundacio-ascamil-Mesa-de-trabajo-8.png\" width=\"31\" height=\"36\" alt=\"\" class=\"wp-image-9 alignnone size-full\">  \u00bfQui\u00e9nes somos?<\/span><\/strong><\/h1>\n<p>[\/et_pb_text][et_pb_text _builder_version=\u00bb4.27.4&#8243; _module_preset=\u00bbdefault\u00bb text_font=\u00bb&#8211;et_global_body_font||||||||\u00bb text_text_color=\u00bb#FFFFFF\u00bb text_orientation=\u00bbcenter\u00bb text_font_size_tablet=\u00bb\u00bb text_font_size_phone=\u00bb16px\u00bb text_font_size_last_edited=\u00bbon|phone\u00bb text_line_height_tablet=\u00bb\u00bb text_line_height_phone=\u00bb1.3em\u00bb text_line_height_last_edited=\u00bbon|phone\u00bb global_colors_info=\u00bb{}\u00bb]<\/p>\n<p>La <strong>Fundaci\u00f3n Privada por el Apoyo de Personas con Discapacidad Intelectual ASCAMIL<\/strong> es una entidad sin \u00e1nimo de lucro, resultado de la transformaci\u00f3n de la anterior <strong>Asociaci\u00f3n de Amigos del Taller Sant Camil, ASCAMIL<\/strong><\/p>\n<p>[\/et_pb_text][\/et_pb_column][et_pb_column type=\u00bb1_5&#8243; _builder_version=\u00bb4.27.4&#8243; _module_preset=\u00bbdefault\u00bb global_colors_info=\u00bb{}\u00bb][\/et_pb_column][\/et_pb_row][\/et_pb_section][et_pb_section fb_built=\u00bb1&#8243; _builder_version=\u00bb4.27.4&#8243; _module_preset=\u00bbdefault\u00bb global_colors_info=\u00bb{}\u00bb][et_pb_row column_structure=\u00bb1_2,1_2&#8243; _builder_version=\u00bb4.27.4&#8243; _module_preset=\u00bbdefault\u00bb global_colors_info=\u00bb{}\u00bb][et_pb_column type=\u00bb1_2&#8243; _builder_version=\u00bb4.27.4&#8243; _module_preset=\u00bbdefault\u00bb global_colors_info=\u00bb{}\u00bb][et_pb_image src=\u00bbhttps:\/\/ascamil.org\/wp-content\/uploads\/2025\/07\/fundacio-ascamil-qui-som-Mesa-de-trabajo-3-100.jpg\u00bb title_text=\u00bbfundacion-ascamil-qui-som-Mesa de trabajo 3-100&#8243; _builder_version=\u00bb4.27.4&#8243; _module_preset=\u00bbdefault\u00bb custom_margin=\u00bb53px|||||\u00bb animation_style=\u00bbfade\u00bb hover_enabled=\u00bb0&#8243; global_colors_info=\u00bb{}\u00bb custom_margin_last_edited=\u00bbon|phone\u00bb custom_margin_phone=\u00bb0px||||false|false\u00bb sticky_enabled=\u00bb0&#8243; custom_margin_tablet=\u00bb53px|||||\u00bb][\/et_pb_image][\/et_pb_column][et_pb_column type=\u00bb1_2&#8243; _builder_version=\u00bb4.27.4&#8243; _module_preset=\u00bbdefault\u00bb global_colors_info=\u00bb{}\u00bb][et_pb_text _builder_version=\u00bb4.27.4&#8243; _module_preset=\u00bbdefault\u00bb header_text_align=\u00bbcenter\u00bb header_text_color=\u00bb#FFFFFF\u00bb header_2_font_size=\u00bb40px\u00bb custom_padding=\u00bb||0px|||\u00bb header_2_font_size_tablet=\u00bb40px\u00bb header_2_font_size_phone=\u00bb30px\u00bb header_2_font_size_last_edited=\u00bbon|phone\u00bb global_colors_info=\u00bb{}\u00bb]<\/p>\n<h2> <img loading=\"lazy\" decoding=\"async\" src=\"https:\/\/ascamil.org\/wp-content\/uploads\/2025\/07\/fundacio-ascamil-Mesa-de-trabajo-9.png\" width=\"38\" height=\"43\" alt=\"\" class=\"wp-image-40 alignnone size-full\"> <strong>Ascamil nace en<\/strong> <span style=\"font-family: 'Merriweather', serif;\">2015<\/span><\/h2>\n<p>[\/et_pb_text][et_pb_text _builder_version=\u00bb4.27.4&#8243; _module_preset=\u00bbdefault\u00bb text_font=\u00bb|300|||||||\u00bb text_font_size=\u00bb17px\u00bb text_line_height=\u00bb1.4em\u00bb custom_margin=\u00bb-26px||16px|||\u00bb text_font_size_tablet=\u00bb17px\u00bb text_font_size_phone=\u00bb16px\u00bb text_font_size_last_edited=\u00bbon|phone\u00bb global_colors_info=\u00bb{}\u00bb]<\/p>\n<p>Con el objetivo de ayudar a todas las personas que formaban parte de la Comunidad del Taller Sant Camil.<\/p>\n<p>[\/et_pb_text][et_pb_blurb use_icon=\u00bbon\u00bb font_icon=\u00bb&#xf45c;||fa||900&#8243; icon_color=\u00bb#7349F2&#8243; image_icon_background_color=\u00bbRGBA(255,255,255,0)\u00bb icon_placement=\u00bbleft\u00bb image_icon_width=\u00bb17px\u00bb _builder_version=\u00bb4.27.4&#8243; _module_preset=\u00bbdefault\u00bb body_font=\u00bb|300|||||||\u00bb body_font_size=\u00bb17px\u00bb body_line_height=\u00bb1.4em\u00bb image_icon_custom_margin=\u00bb4px|||4px|false|false\u00bb custom_margin=\u00bb||17px|||\u00bb body_font_size_tablet=\u00bb17px\u00bb body_font_size_phone=\u00bb16px\u00bb body_font_size_last_edited=\u00bbon|phone\u00bb global_colors_info=\u00bb{}\u00bb]<\/p>\n<p>Fue fruto del inter\u00e9s de los padres por mejorar la calidad de vida de sus hijos, hijas y familiares, as\u00ed como para dotarles de un proyecto de vida que les permitiera desarrollarse como personas en un entorno adecuado.<\/p>\n<p>[\/et_pb_blurb][et_pb_blurb use_icon=\u00bbon\u00bb font_icon=\u00bb&#xf45c;||fa||900&#8243; icon_color=\u00bb#7349F2&#8243; image_icon_background_color=\u00bbRGBA(255,255,255,0)\u00bb icon_placement=\u00bbleft\u00bb image_icon_width=\u00bb17px\u00bb _builder_version=\u00bb4.27.4&#8243; _module_preset=\u00bbdefault\u00bb body_font=\u00bb|300|||||||\u00bb body_font_size=\u00bb17px\u00bb body_line_height=\u00bb1.4em\u00bb image_icon_custom_margin=\u00bb4px|||4px|false|false\u00bb custom_margin=\u00bb||17px|||\u00bb body_font_size_tablet=\u00bb17px\u00bb body_font_size_phone=\u00bb16px\u00bb body_font_size_last_edited=\u00bbon|phone\u00bb global_colors_info=\u00bb{}\u00bb]<\/p>\n<p>La Asociaci\u00f3n de Amigos Sant Camil estaba formada inicialmente por los familiares, amigos y simpatizantes que de una forma totalmente altruista buscaban ayudar a estas personas con discapacidades intelectuales, provey\u00e9ndoles de un medio de vida y un entorno social acorde con sus necesidades.<\/p>\n<p>Con el tiempo, la Asociaci\u00f3n logr\u00f3 tambi\u00e9n apoyo y apoyo econ\u00f3mico por parte de empresas comprometidas con proyectos sociales.<\/p>\n<p>[\/et_pb_blurb][et_pb_blurb use_icon=\u00bbon\u00bb font_icon=\u00bb&#xf45c;||fa||900&#8243; icon_color=\u00bb#7349F2&#8243; image_icon_background_color=\u00bbRGBA(255,255,255,0)\u00bb icon_placement=\u00bbleft\u00bb image_icon_width=\u00bb17px\u00bb _builder_version=\u00bb4.27.4&#8243; _module_preset=\u00bbdefault\u00bb body_font=\u00bb|300|||||||\u00bb body_font_size=\u00bb17px\u00bb body_line_height=\u00bb1.4em\u00bb image_icon_custom_margin=\u00bb4px|||4px|false|false\u00bb custom_margin=\u00bb||17px|||\u00bb body_font_size_tablet=\u00bb17px\u00bb body_font_size_phone=\u00bb16px\u00bb body_font_size_last_edited=\u00bbon|phone\u00bb global_colors_info=\u00bb{}\u00bb]<\/p>\n<p>En la actualidad, los anteriores \u00abasociados\u00bb se mantienen como \u00abdonantes particulares\u00bb de la Fundaci\u00f3n y hemos logrado ampliar las ayudas procedentes de diversas empresas privadas.<\/p>\n<p>[\/et_pb_blurb][\/et_pb_column][\/et_pb_row][\/et_pb_section][et_pb_section fb_built=\u00bb1&#8243; _builder_version=\u00bb4.27.4&#8243; _module_preset=\u00bbdefault\u00bb hover_enabled=\u00bb0&#8243; global_colors_info=\u00bb{}\u00bb custom_padding_last_edited=\u00bbon|phone\u00bb custom_padding_phone=\u00bb0px||0px||false|false\u00bb sticky_enabled=\u00bb0&#8243;][et_pb_row column_structure=\u00bb1_2,1_2&#8243; _builder_version=\u00bb4.27.4&#8243; _module_preset=\u00bbdefault\u00bb global_colors_info=\u00bb{}\u00bb][et_pb_column type=\u00bb1_2&#8243; _builder_version=\u00bb4.27.4&#8243; _module_preset=\u00bbdefault\u00bb global_colors_info=\u00bb{}\u00bb][et_pb_image src=\u00bbhttps:\/\/ascamil.org\/wp-content\/uploads\/2025\/07\/fundacio-ascamil-qui-som-Mesa-de-trabajo-5-100.jpg\u00bb title_text=\u00bbfundacion-ascamil-qui-som-Mesa de trabajo 5-100&#8243; _builder_version=\u00bb4.27.4&#8243; _module_preset=\u00bbdefault\u00bb custom_margin=\u00bb53px|||||\u00bb custom_margin_tablet=\u00bb53px|||||\u00bb custom_margin_phone=\u00bb0px||||false|false\u00bb custom_margin_last_edited=\u00bbon|phone\u00bb animation_style=\u00bbfade\u00bb global_colors_info=\u00bb{}\u00bb][\/et_pb_image][\/et_pb_column][et_pb_column type=\u00bb1_2&#8243; _builder_version=\u00bb4.27.4&#8243; _module_preset=\u00bbdefault\u00bb global_colors_info=\u00bb{}\u00bb][et_pb_text _builder_version=\u00bb4.27.4&#8243; _module_preset=\u00bbdefault\u00bb header_text_align=\u00bbcenter\u00bb header_text_color=\u00bb#FFFFFF\u00bb header_2_font_size=\u00bb40px\u00bb custom_padding=\u00bb||0px|||\u00bb header_2_font_size_tablet=\u00bb40px\u00bb header_2_font_size_phone=\u00bb30px\u00bb header_2_font_size_last_edited=\u00bbon|phone\u00bb global_colors_info=\u00bb{}\u00bb]<\/p>\n<h2><img loading=\"lazy\" decoding=\"async\" src=\"https:\/\/ascamil.org\/wp-content\/uploads\/2025\/07\/fundacio-ascamil-Mesa-de-trabajo-10.png\" width=\"37\" height=\"43\" alt=\"\" class=\"wp-image-10 alignnone size-full\"> <strong>Sin embargo, nuestro gran<\/strong> <strong>objetivo<\/strong> <span style=\"font-family: 'Merriweather', serif;\">sigue todav\u00eda vivo<\/span><\/h2>\n<p>[\/et_pb_text][et_pb_text _builder_version=\u00bb4.27.4&#8243; _module_preset=\u00bbdefault\u00bb text_font=\u00bb|300|||||||\u00bb text_font_size=\u00bb17px\u00bb text_line_height=\u00bb1.4em\u00bb custom_margin=\u00bb-26px||16px|||\u00bb text_font_size_tablet=\u00bb17px\u00bb text_font_size_phone=\u00bb16px\u00bb text_font_size_last_edited=\u00bbon|phone\u00bb global_colors_info=\u00bb{}\u00bb]<\/p>\n<p>Queremos conseguir estructurar Hogares-Residencias especialmente para las usuarias\/usuarios del Taller Sant Camil (aunque no exclusivamente) que respondan a la impresionante pregunta que rebota constantemente en nuestro interior: <strong>\u201c\u00bfQu\u00e9 pasar\u00e1 con nuestras hijas e hijos cuando nosotros no estemos?<\/strong><\/p>\n<p>[\/et_pb_text][et_pb_blurb use_icon=\u00bbon\u00bb font_icon=\u00bb&#xf45c;||fa||900&#8243; icon_color=\u00bb#00A96B\u00bb image_icon_background_color=\u00bbRGBA(255,255,255,0)\u00bb icon_placement=\u00bbleft\u00bb image_icon_width=\u00bb17px\u00bb _builder_version=\u00bb4.27.4&#8243; _module_preset=\u00bbdefault\u00bb body_font=\u00bb|300|||||||\u00bb body_font_size=\u00bb17px\u00bb body_line_height=\u00bb1.4em\u00bb image_icon_custom_margin=\u00bb4px|||4px|false|false\u00bb custom_margin=\u00bb||17px|||\u00bb body_font_size_tablet=\u00bb17px\u00bb body_font_size_phone=\u00bb16px\u00bb body_font_size_last_edited=\u00bbon|phone\u00bb global_colors_info=\u00bb{}\u00bb]<\/p>\n<p>Hasta el d\u00eda de hoy ya hemos conseguido poner en marcha varias \u201cestancias inclusivas\u201d semanales de nuestras chicas\/chicos del Taller, en pisos tutelados por monitores especializados y totalmente equipados para poder desarrollar su vida independiente de las familias.  <\/p>\n<p>[\/et_pb_blurb][et_pb_blurb use_icon=\u00bbon\u00bb font_icon=\u00bb&#xf45c;||fa||900&#8243; icon_color=\u00bb#00A96B\u00bb image_icon_background_color=\u00bbRGBA(255,255,255,0)\u00bb icon_placement=\u00bbleft\u00bb image_icon_width=\u00bb17px\u00bb _builder_version=\u00bb4.27.4&#8243; _module_preset=\u00bbdefault\u00bb body_font=\u00bb|300|||||||\u00bb body_font_size=\u00bb17px\u00bb body_line_height=\u00bb1.4em\u00bb image_icon_custom_margin=\u00bb4px|||4px|false|false\u00bb custom_margin=\u00bb||17px|||\u00bb body_font_size_tablet=\u00bb17px\u00bb body_font_size_phone=\u00bb16px\u00bb body_font_size_last_edited=\u00bbon|phone\u00bb global_colors_info=\u00bb{}\u00bb]<\/p>\n<p>Han sido semanas de una convivencia fant\u00e1stica entre ellos y ellas, que nos demuestran que vamos por el buen camino<\/p>\n<p>[\/et_pb_blurb][et_pb_blurb use_icon=\u00bbon\u00bb font_icon=\u00bb&#xf45c;||fa||900&#8243; icon_color=\u00bb#00A96B\u00bb image_icon_background_color=\u00bbRGBA(255,255,255,0)\u00bb icon_placement=\u00bbleft\u00bb image_icon_width=\u00bb17px\u00bb _builder_version=\u00bb4.27.4&#8243; _module_preset=\u00bbdefault\u00bb body_font=\u00bb|300|||||||\u00bb body_font_size=\u00bb17px\u00bb body_line_height=\u00bb1.4em\u00bb image_icon_custom_margin=\u00bb4px|||4px|false|false\u00bb custom_margin=\u00bb||17px|||\u00bb body_font_size_tablet=\u00bb17px\u00bb body_font_size_phone=\u00bb16px\u00bb body_font_size_last_edited=\u00bbon|phone\u00bb global_colors_info=\u00bb{}\u00bb]<\/p>\n<p>Sin embargo, se trata, de momento, de una vivienda provisional. \u00c9sta sigue siendo la clave de nuestra tarea actual, encontrar la ubicaci\u00f3n y condiciones adecuadas de nuestro Hogar Residencia para poder asegurar la estancia a largo plazo de nuestros hijos\/hijas. <\/p>\n<p><strong> <\/strong><\/p>\n<p>[\/et_pb_blurb][\/et_pb_column][\/et_pb_row][\/et_pb_section][et_pb_section fb_built=\u00bb1&#8243; _builder_version=\u00bb4.27.4&#8243; _module_preset=\u00bbdefault\u00bb hover_enabled=\u00bb0&#8243; global_colors_info=\u00bb{}\u00bb custom_padding_last_edited=\u00bbon|phone\u00bb custom_padding_phone=\u00bb0px||||false|false\u00bb sticky_enabled=\u00bb0&#8243;][et_pb_row _builder_version=\u00bb4.27.4&#8243; _module_preset=\u00bbdefault\u00bb hover_enabled=\u00bb0&#8243; global_colors_info=\u00bb{}\u00bb custom_padding_last_edited=\u00bbon|phone\u00bb custom_padding_phone=\u00bb0px||||false|false\u00bb custom_margin_last_edited=\u00bbon|phone\u00bb custom_margin_phone=\u00bb0px||||false|false\u00bb sticky_enabled=\u00bb0&#8243;][et_pb_column type=\u00bb4_4&#8243; _builder_version=\u00bb4.27.4&#8243; _module_preset=\u00bbdefault\u00bb global_colors_info=\u00bb{}\u00bb][et_pb_text _builder_version=\u00bb4.27.4&#8243; _module_preset=\u00bbdefault\u00bb header_text_align=\u00bbcenter\u00bb header_text_color=\u00bb#FFFFFF\u00bb header_2_font_size=\u00bb40px\u00bb custom_padding=\u00bb||0px|||\u00bb header_2_font_size_tablet=\u00bb40px\u00bb header_2_font_size_phone=\u00bb30px\u00bb header_2_font_size_last_edited=\u00bbon|phone\u00bb global_colors_info=\u00bb{}\u00bb]<\/p>\n<h2> <img loading=\"lazy\" decoding=\"async\" src=\"https:\/\/ascamil.org\/wp-content\/uploads\/2025\/07\/fundacio-ascamil-Mesa-de-trabajo-9.png\" width=\"38\" height=\"43\" alt=\"\" class=\"wp-image-40 alignnone size-full\"> <strong>Transparencia<\/strong> <span style=\"font-family: 'Merriweather', serif;\">total<\/span><\/h2>\n<p>[\/et_pb_text][et_pb_image src=\u00bbhttps:\/\/ascamil.org\/wp-content\/uploads\/2025\/09\/Pessebre-Vivent-2024-7.jpeg\u00bb title_text=\u00bbBel\u00e9n Viviente 2024 &#8211; 7&#8243; _builder_version=\u00bb4.27.4&#8243; _module_preset=\u00bbdefault\u00bb custom_margin=\u00bb19px|||||\u00bb custom_margin_tablet=\u00bb103px|||||\u00bb custom_margin_phone=\u00bb0px||||false|false\u00bb custom_margin_last_edited=\u00bbon|phone\u00bb animation_style=\u00bbfade\u00bb global_colors_info=\u00bb{}\u00bb][\/et_pb_image][\/et_pb_column][\/et_pb_row][et_pb_row column_structure=\u00bb1_2,1_2&#8243; _builder_version=\u00bb4.27.4&#8243; _module_preset=\u00bbdefault\u00bb global_colors_info=\u00bb{}\u00bb][et_pb_column type=\u00bb1_2&#8243; _builder_version=\u00bb4.27.4&#8243; _module_preset=\u00bbdefault\u00bb global_colors_info=\u00bb{}\u00bb][et_pb_text _builder_version=\u00bb4.27.4&#8243; _module_preset=\u00bbdefault\u00bb text_font=\u00bb|300|||||||\u00bb text_font_size=\u00bb17px\u00bb text_line_height=\u00bb1.4em\u00bb custom_margin=\u00bb-26px||16px|||\u00bb text_font_size_tablet=\u00bb17px\u00bb text_font_size_phone=\u00bb16px\u00bb text_font_size_last_edited=\u00bbon|phone\u00bb global_colors_info=\u00bb{}\u00bb]<\/p>\n<p>La Asociaci\u00f3n Amigos de San Camil &#8211; ASCAMIL estaba inscrita en el Registro de Asociaciones de Catalu\u00f1a desde 2015 y con fecha 26\/10\/24 se transform\u00f3 en la <strong>Fundaci\u00f3n Privada por el Apoyo de Personas con Discapacidad Intelectual ASCAMIL (N\u00ba Registro 3428, NIF G66668419)<\/strong> .<\/p>\n<p>Nuestra raz\u00f3n social se mantiene en la misma direcci\u00f3n anterior, en la Calle Ercilla n\u00ba 57 de Barcelona.<\/p>\n<p>Puedes consultar nuestros Estatutos y otra documentaci\u00f3n oficial entrando en los siguientes enlaces:<\/p>\n<p>[\/et_pb_text][\/et_pb_column][et_pb_column type=\u00bb1_2&#8243; _builder_version=\u00bb4.27.4&#8243; _module_preset=\u00bbdefault\u00bb global_colors_info=\u00bb{}\u00bb][et_pb_button button_url=\u00bbhttps:\/\/ascamil.org\/wp-content\/uploads\/2025\/09\/16294144_Resoluci-_transformaci-Fundacio-1.pdf\u00bb url_new_window=\u00bbon\u00bb button_text=\u00bbActa Fundacional\u00bb button_alignment=\u00bbleft\u00bb _builder_version=\u00bb4.27.4&#8243; _module_preset=\u00bbdefault\u00bb custom_button=\u00bbon\u00bb button_text_size=\u00bb18px\u00bb button_text_color=\u00bb#7349F2&#8243; button_border_width=\u00bb0px\u00bb button_icon=\u00bb&#x24;||divi||400&#8243; button_on_hover=\u00bboff\u00bb custom_margin=\u00bb-24px||6px|||\u00bb global_colors_info=\u00bb{}\u00bb][\/et_pb_button][et_pb_button button_url=\u00bbhttps:\/\/ascamil.org\/wp-content\/uploads\/2025\/09\/ESTATUTS-FUNDACIO-ASCAMIL-v2-final.pdf\u00bb button_text=\u00bbEstatutos\u00bb button_alignment=\u00bbleft\u00bb _builder_version=\u00bb4.27.4&#8243; _module_preset=\u00bbdefault\u00bb custom_button=\u00bbon\u00bb button_text_size=\u00bb18px\u00bb button_text_color=\u00bb#7349F2&#8243; button_border_width=\u00bb0px\u00bb button_icon=\u00bb&#x24;||divi||400&#8243; button_on_hover=\u00bboff\u00bb custom_margin=\u00bb||6px|||\u00bb global_colors_info=\u00bb{}\u00bb][\/et_pb_button][et_pb_button button_url=\u00bbhttps:\/\/ascamil.org\/wp-content\/uploads\/2025\/09\/Comptes-anuals-2024-Ascamil-xifres.pdf\u00bb url_new_window=\u00bbon\u00bb button_text=\u00bbCuentas anuales a\u00f1os anteriores\u00bb button_alignment=\u00bbleft\u00bb _builder_version=\u00bb4.27.4&#8243; _module_preset=\u00bbdefault\u00bb custom_button=\u00bbon\u00bb button_text_size=\u00bb18px\u00bb button_text_color=\u00bb#7349F2&#8243; button_border_width=\u00bb0px\u00bb button_icon=\u00bb&#x24;||divi||400&#8243; button_on_hover=\u00bboff\u00bb custom_margin=\u00bb||6px|||\u00bb global_colors_info=\u00bb{}\u00bb][\/et_pb_button][et_pb_button button_url=\u00bbhttps:\/\/ascamil.org\/wp-content\/uploads\/2025\/09\/Memoria_Fundacio_Ascamil_2024.pdf\u00bb url_new_window=\u00bbon\u00bb button_text=\u00bbMemorias a\u00f1os anteriores\u00bb button_alignment=\u00bbleft\u00bb _builder_version=\u00bb4.27.4&#8243; _module_preset=\u00bbdefault\u00bb custom_button=\u00bbon\u00bb button_text_size=\u00bb18px\u00bb button_text_color=\u00bb#7349F2&#8243; button_border_width=\u00bb0px\u00bb button_icon=\u00bb&#x24;||divi||400&#8243; button_on_hover=\u00bboff\u00bb custom_margin=\u00bb||6px|||\u00bb global_colors_info=\u00bb{}\u00bb][\/et_pb_button][\/et_pb_column][\/et_pb_row][\/et_pb_section][et_pb_section fb_built=\u00bb1&#8243; _builder_version=\u00bb4.27.4&#8243; _module_preset=\u00bbdefault\u00bb hover_enabled=\u00bb0&#8243; global_colors_info=\u00bb{}\u00bb custom_padding_last_edited=\u00bbon|phone\u00bb custom_padding_phone=\u00bb0px||||false|false\u00bb sticky_enabled=\u00bb0&#8243;][et_pb_row _builder_version=\u00bb4.27.4&#8243; _module_preset=\u00bbdefault\u00bb global_colors_info=\u00bb{}\u00bb][et_pb_column type=\u00bb4_4&#8243; _builder_version=\u00bb4.27.4&#8243; _module_preset=\u00bbdefault\u00bb global_colors_info=\u00bb{}\u00bb][et_pb_text _builder_version=\u00bb4.27.4&#8243; _module_preset=\u00bbdefault\u00bb header_text_align=\u00bbcenter\u00bb header_text_color=\u00bb#FFFFFF\u00bb header_2_font_size=\u00bb40px\u00bb custom_padding=\u00bb||0px|||\u00bb header_2_font_size_tablet=\u00bb40px\u00bb header_2_font_size_phone=\u00bb30px\u00bb header_2_font_size_last_edited=\u00bbon|phone\u00bb global_colors_info=\u00bb{}\u00bb]<\/p>\n<h2><strong>El Patronato de la Fundaci\u00f3n ASCAMIL<\/strong> <span style=\"font-family: 'Merriweather', serif;\">est\u00e1 compuesto por los siguientes miembros a d\u00eda de hoy:<\/span><\/h2>\n<p>[\/et_pb_text][\/et_pb_column][\/et_pb_row][et_pb_row column_structure=\u00bb1_2,1_2&#8243; use_custom_gutter=\u00bbon\u00bb gutter_width=\u00bb2&#8243; _builder_version=\u00bb4.27.4&#8243; _module_preset=\u00bbdefault\u00bb global_colors_info=\u00bb{}\u00bb][et_pb_column type=\u00bb1_2&#8243; _builder_version=\u00bb4.27.4&#8243; _module_preset=\u00bbdefault\u00bb global_colors_info=\u00bb{}\u00bb][et_pb_image src=\u00bbhttps:\/\/ascamil.org\/wp-content\/uploads\/2025\/09\/Fotos-patrons-bona.jpg\u00bb title_text=\u00bbFotos patrones buena\u00bb _builder_version=\u00bb4.27.4&#8243; _module_preset=\u00bbdefault\u00bb custom_margin=\u00bb-28px|||||\u00bb global_colors_info=\u00bb{}\u00bb][\/et_pb_image][\/et_pb_column][et_pb_column type=\u00bb1_2&#8243; _builder_version=\u00bb4.27.4&#8243; _module_preset=\u00bbdefault\u00bb global_colors_info=\u00bb{}\u00bb][et_pb_text _builder_version=\u00bb4.27.4&#8243; _module_preset=\u00bbdefault\u00bb text_font=\u00bb|300|||||||\u00bb text_line_height=\u00bb1.4em\u00bb custom_margin=\u00bb-26px||16px|||\u00bb hover_enabled=\u00bb0&#8243; text_font_size_tablet=\u00bb17px\u00bb text_font_size_phone=\u00bb16px\u00bb text_font_size_last_edited=\u00bbon|phone\u00bb global_colors_info=\u00bb{}\u00bb custom_margin_last_edited=\u00bbon|phone\u00bb custom_margin_phone=\u00bb-12px||16px||false|false\u00bb sticky_enabled=\u00bb0&#8243; custom_margin_tablet=\u00bb-26px||16px|||\u00bb]<\/p>\n<p><strong>Presidente<\/strong> : Francesc Alguacil Redondo<\/p>\n<p><strong>Vicepresidenta<\/strong> : Roser Serrano Romero<\/p>\n<p><strong>Secretario<\/strong> : Vicens Abril Ravelllat<\/p>\n<p><strong>Tesorero<\/strong> : Jordi Badia P\u00e9rez<\/p>\n<p><strong>Vocal<\/strong> : Rosa Maria Palli Juscafresa<\/p>\n<p>[\/et_pb_text][\/et_pb_column][\/et_pb_row][et_pb_row column_structure=\u00bb2_3,1_3&#8243; use_custom_gutter=\u00bbon\u00bb gutter_width=\u00bb2&#8243; _builder_version=\u00bb4.27.4&#8243; _module_preset=\u00bbdefault\u00bb hover_enabled=\u00bb0&#8243; global_colors_info=\u00bb{}\u00bb custom_padding_last_edited=\u00bbon|phone\u00bb custom_padding_phone=\u00bb||0px||false|false\u00bb custom_margin_last_edited=\u00bbon|phone\u00bb custom_margin_phone=\u00bb||0px||false|false\u00bb sticky_enabled=\u00bb0&#8243;][et_pb_column type=\u00bb2_3&#8243; _builder_version=\u00bb4.27.4&#8243; _module_preset=\u00bbdefault\u00bb global_colors_info=\u00bb{}\u00bb][et_pb_text _builder_version=\u00bb4.27.4&#8243; _module_preset=\u00bbdefault\u00bb header_text_align=\u00bbcenter\u00bb header_text_color=\u00bb#FFFFFF\u00bb header_2_font_size=\u00bb40px\u00bb header_3_font_size=\u00bb24px\u00bb custom_padding=\u00bb||0px|||\u00bb header_2_font_size_tablet=\u00bb40px\u00bb header_2_font_size_phone=\u00bb30px\u00bb header_2_font_size_last_edited=\u00bbon|phone\u00bb global_colors_info=\u00bb{}\u00bb]<\/p>\n<h3><img loading=\"lazy\" decoding=\"async\" src=\"https:\/\/ascamil.org\/wp-content\/uploads\/2025\/07\/fundacio-ascamil-Mesa-de-trabajo-9.png\" width=\"30\" height=\"34\" alt=\"\" class=\"wp-image-40 alignnone size-full\">  <strong>Sin embargo, nuestro equipo es mucho mayor!<\/strong><\/h3>\n<h4>Disponemos de un magn\u00edfico grupo de voluntarios sin los que nada ser\u00eda posible.<\/h4>\n<p>[\/et_pb_text][\/et_pb_column][et_pb_column type=\u00bb1_3&#8243; _builder_version=\u00bb4.27.4&#8243; _module_preset=\u00bbdefault\u00bb global_colors_info=\u00bb{}\u00bb][\/et_pb_column][\/et_pb_row][et_pb_row _builder_version=\u00bb4.27.4&#8243; _module_preset=\u00bbdefault\u00bb custom_padding=\u00bb0px|||||\u00bb global_colors_info=\u00bb{}\u00bb][et_pb_column type=\u00bb4_4&#8243; _builder_version=\u00bb4.27.4&#8243; _module_preset=\u00bbdefault\u00bb global_colors_info=\u00bb{}\u00bb][et_pb_image src=\u00bbhttps:\/\/ascamil.org\/wp-content\/uploads\/2025\/07\/fundacio-ascamil-qui-som-Mesa-de-trabajo-6-100.jpg\u00bb title_text=\u00bbfundacion-ascamil-qui-som-Mesa de trabajo 6-100&#8243; _builder_version=\u00bb4.27.4&#8243; _module_preset=\u00bbdefault\u00bb global_colors_info=\u00bb{}\u00bb][\/et_pb_image][\/et_pb_column][\/et_pb_row][\/et_pb_section][et_pb_section fb_built=\u00bb1&#8243; _builder_version=\u00bb4.27.4&#8243; _module_preset=\u00bbdefault\u00bb background_color=\u00bb#00A96B\u00bb background_enable_image=\u00bboff\u00bb global_colors_info=\u00bb{}\u00bb][et_pb_row column_structure=\u00bb2_3,1_3&#8243; _builder_version=\u00bb4.27.4&#8243; _module_preset=\u00bbdefault\u00bb global_colors_info=\u00bb{}\u00bb][et_pb_column type=\u00bb2_3&#8243; _builder_version=\u00bb4.27.4&#8243; _module_preset=\u00bbdefault\u00bb global_colors_info=\u00bb{}\u00bb][et_pb_text _builder_version=\u00bb4.27.4&#8243; _module_preset=\u00bbdefault\u00bb text_font=\u00bb|800|||||||\u00bb text_text_color=\u00bb#FFFFFF\u00bb header_text_align=\u00bbcenter\u00bb header_text_color=\u00bb#FFFFFF\u00bb header_2_font=\u00bb|300|||||||\u00bb header_2_text_align=\u00bbleft\u00bb header_2_text_color=\u00bb#FFFFFF\u00bb header_2_font_size=\u00bb37px\u00bb custom_margin=\u00bb-12px|||||\u00bb custom_padding=\u00bb||0px|||\u00bb header_2_font_size_tablet=\u00bb37px\u00bb header_2_font_size_phone=\u00bb27px\u00bb header_2_font_size_last_edited=\u00bbon|phone\u00bb global_colors_info=\u00bb{}\u00bb]<\/p>\n<h2><strong style=\"font-weight: 900;\">Tienes preguntas, \u00bfquieres saber m\u00e1s o quieres colaborar con la<\/strong> <span style=\"font-family: 'Merriweather', serif;\">Fundaci\u00f3n Ascamil?<\/span><\/h2>\n<p>[\/et_pb_text][\/et_pb_column][et_pb_column type=\u00bb1_3&#8243; _builder_version=\u00bb4.27.4&#8243; _module_preset=\u00bbdefault\u00bb global_colors_info=\u00bb{}\u00bb][et_pb_button button_url=\u00bb@ET-DC@eyJkeW5hbWljIjp0cnVlLCJjb250ZW50IjoicG9zdF9saW5rX3VybF9wYWdlIiwic2V0dGluZ3MiOnsicG9zdF9pZCI6IjkwIn19@\u00bb button_text=\u00bbContacta con nosotros\u00bb button_alignment=\u00bbright\u00bb _builder_version=\u00bb4.27.4&#8243; _dynamic_attributes=\u00bbbutton_url\u00bb _module_preset=\u00bbdefault\u00bb custom_button=\u00bbon\u00bb button_text_size=\u00bb18px\u00bb button_bg_color=\u00bb#FF9B27&#8243; button_border_width=\u00bb0px\u00bb button_border_radius=\u00bb0px\u00bb button_icon=\u00bb&#x24;||divi||400&#8243; background_layout=\u00bbdark\u00bb hover_enabled=\u00bb0&#8243; global_colors_info=\u00bb{}\u00bb button_alignment_last_edited=\u00bbon|phone\u00bb button_alignment_phone=\u00bbleft\u00bb sticky_enabled=\u00bb0&#8243; button_alignment_tablet=\u00bbright\u00bb][\/et_pb_button][\/et_pb_column][\/et_pb_row][\/et_pb_section]<\/p>\n","protected":false},"excerpt":{"rendered":"<p>\u00bfQui\u00e9nes somos?La Fundaci\u00f3n Privada por el Apoyo de Personas con Discapacidad Intelectual ASCAMIL es una entidad sin \u00e1nimo de lucro, resultado de la transformaci\u00f3n de la anterior Asociaci\u00f3n de Amigos del Taller Sant Camil, ASCAMIL Ascamil nace en 2015Con el objetivo de ayudar a todas las personas que formaban parte de la Comunidad del Taller Sant Camil.Fue fruto del inter\u00e9s de los padres por mejorar la calidad de vida de sus hijos, hijas y familiares, as\u00ed como para dotarles de un proyecto de vida que les permitiera desarrollarse como personas en un entorno adecuado.La Asociaci\u00f3n de Amigos Sant Camil estaba formada inicialmente por los familiares, amigos y simpatizantes que de una forma totalmente altruista buscaban ayudar a estas personas con discapacidades intelectuales, provey\u00e9ndoles de un medio de vida y un entorno social acorde con sus necesidades. Con el tiempo, la Asociaci\u00f3n logr\u00f3 tambi\u00e9n apoyo y apoyo econ\u00f3mico por parte de empresas comprometidas con proyectos sociales.En la actualidad, los anteriores \u00abasociados\u00bb se mantienen como \u00abdonantes particulares\u00bb de la Fundaci\u00f3n y hemos logrado ampliar las ayudas procedentes de diversas empresas privadas. Sin embargo, nuestro gran objetivo sigue todav\u00eda vivoQueremos conseguir estructurar Hogares-Residencias especialmente para las usuarias\/usuarios del Taller Sant Camil (aunque no [&hellip;]<\/p>\n","protected":false},"author":1,"featured_media":0,"parent":0,"menu_order":0,"comment_status":"closed","ping_status":"closed","template":"","meta":{"_et_pb_use_builder":"on","_et_pb_old_content":"","_et_gb_content_width":"","footnotes":""},"class_list":["post-740","page","type-page","status-publish","hentry"],"_links":{"self":[{"href":"https:\/\/ascamil.org\/es\/wp-json\/wp\/v2\/pages\/740","targetHints":{"allow":["GET"]}}],"collection":[{"href":"https:\/\/ascamil.org\/es\/wp-json\/wp\/v2\/pages"}],"about":[{"href":"https:\/\/ascamil.org\/es\/wp-json\/wp\/v2\/types\/page"}],"author":[{"embeddable":true,"href":"https:\/\/ascamil.org\/es\/wp-json\/wp\/v2\/users\/1"}],"replies":[{"embeddable":true,"href":"https:\/\/ascamil.org\/es\/wp-json\/wp\/v2\/comments?post=740"}],"version-history":[{"count":6,"href":"https:\/\/ascamil.org\/es\/wp-json\/wp\/v2\/pages\/740\/revisions"}],"predecessor-version":[{"id":798,"href":"https:\/\/ascamil.org\/es\/wp-json\/wp\/v2\/pages\/740\/revisions\/798"}],"wp:attachment":[{"href":"https:\/\/ascamil.org\/es\/wp-json\/wp\/v2\/media?parent=740"}],"curies":[{"name":"wp","href":"https:\/\/api.w.org\/{rel}","templated":true}]}}